{"version":"1.0","provider_name":"Mis retos por la ELA","provider_url":"https:\/\/retoelajorge.es","author_name":"retoelajorge","author_url":"https:\/\/retoelajorge.es\/index.php\/author\/admin\/","title":"D\u00eda seis: Campanario - M\u00e9rida - Mis retos por la ELA","type":"rich","width":600,"height":338,"html":"<blockquote class=\"wp-embedded-content\" data-secret=\"Fv8FuyOPMg\"><a href=\"https:\/\/retoelajorge.es\/index.php\/2015\/09\/01\/dia-6-campanario-merida\/\">D\u00eda seis: Campanario &#8211; M\u00e9rida<\/a><\/blockquote><iframe sandbox=\"allow-scripts\" security=\"restricted\" src=\"https:\/\/retoelajorge.es\/index.php\/2015\/09\/01\/dia-6-campanario-merida\/embed\/#?secret=Fv8FuyOPMg\" width=\"600\" height=\"338\" title=\"\u00abD\u00eda seis: Campanario &#8211; M\u00e9rida\u00bb \u2014 Mis retos por la ELA\" data-secret=\"Fv8FuyOPMg\" frameborder=\"0\" marginwidth=\"0\" marginheight=\"0\" scrolling=\"no\" class=\"wp-embedded-content\"><\/iframe><script type=\"text\/javascript\">\n\/* <![CDATA[ *\/\n\/*! This file is auto-generated *\/\n!function(d,l){\"use strict\";l.querySelector&&d.addEventListener&&\"undefined\"!=typeof URL&&(d.wp=d.wp||{},d.wp.receiveEmbedMessage||(d.wp.receiveEmbedMessage=function(e){var t=e.data;if((t||t.secret||t.message||t.value)&&!\/[^a-zA-Z0-9]\/.test(t.secret)){for(var s,r,n,a=l.querySelectorAll('iframe[data-secret=\"'+t.secret+'\"]'),o=l.querySelectorAll('blockquote[data-secret=\"'+t.secret+'\"]'),c=new RegExp(\"^https?:$\",\"i\"),i=0;i<o.length;i++)o[i].style.display=\"none\";for(i=0;i<a.length;i++)s=a[i],e.source===s.contentWindow&&(s.removeAttribute(\"style\"),\"height\"===t.message?(1e3<(r=parseInt(t.value,10))?r=1e3:~~r<200&&(r=200),s.height=r):\"link\"===t.message&&(r=new URL(s.getAttribute(\"src\")),n=new URL(t.value),c.test(n.protocol))&&n.host===r.host&&l.activeElement===s&&(d.top.location.href=t.value))}},d.addEventListener(\"message\",d.wp.receiveEmbedMessage,!1),l.addEventListener(\"DOMContentLoaded\",function(){for(var e,t,s=l.querySelectorAll(\"iframe.wp-embedded-content\"),r=0;r<s.length;r++)(t=(e=s[r]).getAttribute(\"data-secret\"))||(t=Math.random().toString(36).substring(2,12),e.src+=\"#?secret=\"+t,e.setAttribute(\"data-secret\",t)),e.contentWindow.postMessage({message:\"ready\",secret:t},\"*\")},!1)))}(window,document);\n\/\/# sourceURL=https:\/\/retoelajorge.es\/wp-includes\/js\/wp-embed.min.js\n\/* ]]> *\/\n<\/script>\n","thumbnail_url":"https:\/\/retoelajorge.es\/wp-content\/uploads\/2020\/02\/34_1.jpg","thumbnail_width":1200,"thumbnail_height":1600,"description":"Hoy ha sido el d\u00eda de Don Quijote de Granada, tambi\u00e9n conocido como Jorge Abarca Hern\u00e1ndez, porque esta vez no ha encontrado el apoyo ni el calor de una ciudad tan hermosa como M\u00e9rida...."}