{"version":"1.0","provider_name":"Mis retos por la ELA","provider_url":"https:\/\/retoelajorge.es","author_name":"Miguel Angel Abarca","author_url":"https:\/\/retoelajorge.es\/index.php\/author\/migue3110\/","title":"El \u00faltimo reto del guerrero - Mis retos por la ELA","type":"rich","width":600,"height":338,"html":"<blockquote class=\"wp-embedded-content\" data-secret=\"yicUR8oG5N\"><a href=\"https:\/\/retoelajorge.es\/index.php\/2020\/09\/18\/el-ultimo-reto-del-guerrero\/\">El \u00faltimo reto del guerrero<\/a><\/blockquote><iframe sandbox=\"allow-scripts\" security=\"restricted\" src=\"https:\/\/retoelajorge.es\/index.php\/2020\/09\/18\/el-ultimo-reto-del-guerrero\/embed\/#?secret=yicUR8oG5N\" width=\"600\" height=\"338\" title=\"\u00abEl \u00faltimo reto del guerrero\u00bb \u2014 Mis retos por la ELA\" data-secret=\"yicUR8oG5N\" frameborder=\"0\" marginwidth=\"0\" marginheight=\"0\" scrolling=\"no\" class=\"wp-embedded-content\"><\/iframe><script type=\"text\/javascript\">\n\/* <![CDATA[ *\/\n\/*! This file is auto-generated *\/\n!function(d,l){\"use strict\";l.querySelector&&d.addEventListener&&\"undefined\"!=typeof URL&&(d.wp=d.wp||{},d.wp.receiveEmbedMessage||(d.wp.receiveEmbedMessage=function(e){var t=e.data;if((t||t.secret||t.message||t.value)&&!\/[^a-zA-Z0-9]\/.test(t.secret)){for(var s,r,n,a=l.querySelectorAll('iframe[data-secret=\"'+t.secret+'\"]'),o=l.querySelectorAll('blockquote[data-secret=\"'+t.secret+'\"]'),c=new RegExp(\"^https?:$\",\"i\"),i=0;i<o.length;i++)o[i].style.display=\"none\";for(i=0;i<a.length;i++)s=a[i],e.source===s.contentWindow&&(s.removeAttribute(\"style\"),\"height\"===t.message?(1e3<(r=parseInt(t.value,10))?r=1e3:~~r<200&&(r=200),s.height=r):\"link\"===t.message&&(r=new URL(s.getAttribute(\"src\")),n=new URL(t.value),c.test(n.protocol))&&n.host===r.host&&l.activeElement===s&&(d.top.location.href=t.value))}},d.addEventListener(\"message\",d.wp.receiveEmbedMessage,!1),l.addEventListener(\"DOMContentLoaded\",function(){for(var e,t,s=l.querySelectorAll(\"iframe.wp-embedded-content\"),r=0;r<s.length;r++)(t=(e=s[r]).getAttribute(\"data-secret\"))||(t=Math.random().toString(36).substring(2,12),e.src+=\"#?secret=\"+t,e.setAttribute(\"data-secret\",t)),e.contentWindow.postMessage({message:\"ready\",secret:t},\"*\")},!1)))}(window,document);\n\/\/# sourceURL=https:\/\/retoelajorge.es\/wp-includes\/js\/wp-embed.min.js\n\/* ]]> *\/\n<\/script>\n","thumbnail_url":"https:\/\/retoelajorge.es\/wp-content\/uploads\/2020\/09\/lazo-negro.jpg","thumbnail_width":474,"thumbnail_height":296,"description":"Pues s\u00ed, lleg\u00f3 el momento de su \u00faltimo gran reto. Tras m\u00e1s de siete a\u00f1os luchando contra la ELA, sabiendo desde el principio que llegar\u00eda el final mas pronto que tarde, mostrando a la..."}