{"id":6,"date":"2020-02-08T05:50:10","date_gmt":"2020-02-08T05:50:10","guid":{"rendered":"http:\/\/retoelajorge.es\/?page_id=6"},"modified":"2020-02-08T05:50:10","modified_gmt":"2020-02-08T05:50:10","slug":"el-nuevo-umoma-abre-sus-puertas-2","status":"publish","type":"page","link":"https:\/\/retoelajorge.es\/index.php\/el-nuevo-umoma-abre-sus-puertas-2\/","title":{"rendered":"El nuevo UMoMA abre sus puertas"},"content":{"rendered":"<div class=\"wp-block-group alignwide\"><div class=\"wp-block-group__inner-container is-layout-flow wp-block-group-is-layout-flow\"><h2 class=\"has-text-align-center wp-block-heading\">El principal destino para el arte moderno en el norte de Suecia. Abierto de 10:00 a 18:00 h. todos los d\u00edas durante los meses de verano.<\/h2><\/div><\/div><div class=\"wp-block-columns alignwide is-layout-flex wp-container-core-columns-is-layout-9d6595d7 wp-block-columns-is-layout-flex\"><div class=\"wp-block-column is-layout-flow wp-block-column-is-layout-flow\"><div class=\"wp-block-group\"><div class=\"wp-block-group__inner-container is-layout-flow wp-block-group-is-layout-flow\"><figure class=\"wp-block-image alignfull size-full\"><img decoding=\"async\" src=\"https:\/\/retoelajorge.es\/wp-content\/themes\/twentytwenty\/assets\/images\/2020-three-quarters-1.png\" alt=\"\" class=\"wp-image-37\"\/><\/figure><h3 class=\"wp-block-heading\">Obras y d\u00edas<\/h3><p>1 de Agosto &#8212; 1 de Diciembre<\/p><div class=\"wp-block-button is-style-outline is-style-outline--1\"><a class=\"wp-block-button__link\" href=\"https:\/\/make.wordpress.org\/core\/2019\/09\/27\/block-editor-theme-related-updates-in-wordpress-5-3\/\">Leer m\u00e1s<\/a><\/div><\/div><\/div><div class=\"wp-block-group\"><div class=\"wp-block-group__inner-container is-layout-flow wp-block-group-is-layout-flow\"><figure class=\"wp-block-image alignfull size-full\"><img decoding=\"async\" src=\"https:\/\/retoelajorge.es\/wp-content\/themes\/twentytwenty\/assets\/images\/2020-three-quarters-3.png\" alt=\"\" class=\"wp-image-37\"\/><\/figure><h3 class=\"wp-block-heading\">Teatro de operaciones<\/h3><p>1 de Octubre &#8212; 1 de Diciembre<\/p><div class=\"wp-block-button is-style-outline is-style-outline--2\"><a class=\"wp-block-button__link\" href=\"https:\/\/make.wordpress.org\/core\/2019\/09\/27\/block-editor-theme-related-updates-in-wordpress-5-3\/\">Leer m\u00e1s<\/a><\/div><\/div><\/div><\/div><div class=\"wp-block-column is-layout-flow wp-block-column-is-layout-flow\"><div class=\"wp-block-group\"><div class=\"wp-block-group__inner-container is-layout-flow wp-block-group-is-layout-flow\"><figure class=\"wp-block-image alignfull size-full\"><img decoding=\"async\" src=\"https:\/\/retoelajorge.es\/wp-content\/themes\/twentytwenty\/assets\/images\/2020-three-quarters-2.png\" alt=\"\" class=\"wp-image-37\"\/><\/figure><h3 class=\"wp-block-heading\">La vida que me merezco<\/h3><p>1 de Agosto &#8212; 1 de Diciembre<\/p><div class=\"wp-block-button is-style-outline is-style-outline--3\"><a class=\"wp-block-button__link\" href=\"https:\/\/make.wordpress.org\/core\/2019\/09\/27\/block-editor-theme-related-updates-in-wordpress-5-3\/\">Leer m\u00e1s<\/a><\/div><\/div><\/div><div class=\"wp-block-group\"><div class=\"wp-block-group__inner-container is-layout-flow wp-block-group-is-layout-flow\"><figure class=\"wp-block-image alignfull size-full\"><img decoding=\"async\" src=\"https:\/\/retoelajorge.es\/wp-content\/themes\/twentytwenty\/assets\/images\/2020-three-quarters-4.png\" alt=\"\" class=\"wp-image-37\"\/><\/figure><h3 class=\"wp-block-heading\">Desde Signac a Matisse<\/h3><p>1 de Octubre &#8212; 1 de Diciembre<\/p><div class=\"wp-block-button is-style-outline is-style-outline--4\"><a class=\"wp-block-button__link\" href=\"https:\/\/make.wordpress.org\/core\/2019\/09\/27\/block-editor-theme-related-updates-in-wordpress-5-3\/\">Leer m\u00e1s<\/a><\/div><\/div><\/div><\/div><\/div><figure class=\"wp-block-image alignfull size-full\"><img decoding=\"async\" src=\"https:\/\/retoelajorge.es\/wp-content\/themes\/twentytwenty\/assets\/images\/2020-landscape-2.png\" alt=\"\" class=\"wp-image-37\"\/><\/figure><div class=\"wp-block-group alignwide\"><div class=\"wp-block-group__inner-container is-layout-flow wp-block-group-is-layout-flow\"><h2 class=\"has-accent-color has-text-align-center wp-block-heading\">\u00abLos c\u00edborgs, como estableci\u00f3 la fil\u00f3sofa Donna Haraway, no son reverentes. No recuerdan el cosmos\u00bb.<\/h2><\/div><\/div><p class=\"has-drop-cap\">Con siete pisos de arquitectura impresionante, UMoMA muestra exposiciones de arte contempor\u00e1neo internacional, a veces junto con retrospectivas hist\u00f3ricas del arte. Los problemas existenciales, pol\u00edticos y filos\u00f3ficos son intr\u00ednsecos a nuestro programa. Como visitante, est\u00e1s invitado a visitas guiadas, charlas de artistas, conferencias, proyecciones de pel\u00edculas y otros eventos con entrada gratuita<\/p><p>Las exposiciones son realizadas por UMoMA en colaboraci\u00f3n con artistas y museos de todo el mundo y, a menudo, atraen la atenci\u00f3n internacional. UMoMA ha recibido una menci\u00f3n especial del Museo Europeo del A\u00f1o y ha sido uno de los principales candidatos al Premio Sueco al Museo del A\u00f1o, as\u00ed como al Premio del Consejo de Europa.<\/p><p><\/p><div class=\"wp-block-group alignwide has-background\" style=\"background-color:#ffffff\"><div class=\"wp-block-group__inner-container is-layout-flow wp-block-group-is-layout-flow\"><div class=\"wp-block-group\"><div class=\"wp-block-group__inner-container is-layout-flow wp-block-group-is-layout-flow\"><h2 class=\"has-text-align-center wp-block-heading\">\u00a1Hazte miembro y obt\u00e9n ofertas exclusivas!<\/h2><p class=\"has-text-align-center\">Los miembros obtienen acceso a exhibiciones y ventas exclusivas. Nuestra membres\u00eda cuesta 99,99 $ y es facturada anualmente.<\/p><div class=\"wp-block-button aligncenter\"><a class=\"wp-block-button__link\" href=\"https:\/\/make.wordpress.org\/core\/2019\/09\/27\/block-editor-theme-related-updates-in-wordpress-5-3\/\">\u00danete al club<\/a><\/div><\/div><\/div><\/div><\/div><figure class=\"wp-block-gallery alignwide columns-2 is-cropped wp-block-gallery-5 is-layout-flex wp-block-gallery-is-layout-flex\"><ul class=\"blocks-gallery-grid\"><li class=\"blocks-gallery-item\"><figure><img decoding=\"async\" src=\"https:\/\/retoelajorge.es\/wp-content\/themes\/twentytwenty\/assets\/images\/2020-square-2.png\" alt=\"\" data-id=\"39\" data-full-url=\"https:\/\/retoelajorge.es\/wp-content\/themes\/twentytwenty\/assets\/images\/2020-square-2.png\" data-link=\"assets\/images\/2020-square-2\/\" class=\"wp-image-39\"\/><\/figure><\/li><li class=\"blocks-gallery-item\"><figure><img decoding=\"async\" src=\"https:\/\/retoelajorge.es\/wp-content\/themes\/twentytwenty\/assets\/images\/2020-square-1.png\" alt=\"\" data-id=\"38\" data-full-url=\"https:\/\/retoelajorge.es\/wp-content\/themes\/twentytwenty\/assets\/images\/2020-square-1.png\" data-link=\"https:\/\/retoelajorge.es\/wp-content\/themes\/twentytwenty\/assets\/images\/2020-square-1\/\" class=\"wp-image-38\"\/><\/figure><\/li><\/ul><\/figure>","protected":false},"excerpt":{"rendered":"<p>El principal destino para el arte moderno en el norte de Suecia. Abierto de 10:00 a 18:00 h. todos los d\u00edas durante los meses de verano. Obras y d\u00edas 1 de Agosto &#8212; 1&#8230;<\/p>\n","protected":false},"author":1,"featured_media":0,"parent":0,"menu_order":0,"comment_status":"closed","ping_status":"closed","template":"","meta":{"footnotes":""},"class_list":["post-6","page","type-page","status-publish","hentry"],"yoast_head":"<!-- This site is optimized with the Yoast SEO plugin v26.7 - https:\/\/yoast.com\/wordpress\/plugins\/seo\/ -->\n<title>El nuevo UMoMA abre sus puertas - Mis retos por la ELA<\/title>\n<meta name=\"robots\" content=\"index, follow, max-snippet:-1, max-image-preview:large, max-video-preview:-1\" \/>\n<link rel=\"canonical\" href=\"https:\/\/retoelajorge.es\/index.php\/el-nuevo-umoma-abre-sus-puertas-2\/\" \/>\n<meta property=\"og:locale\" content=\"es_ES\" \/>\n<meta property=\"og:type\" content=\"article\" \/>\n<meta property=\"og:title\" content=\"El nuevo UMoMA abre sus puertas - Mis retos por la ELA\" \/>\n<meta property=\"og:description\" content=\"El principal destino para el arte moderno en el norte de Suecia. Abierto de 10:00 a 18:00 h. todos los d\u00edas durante los meses de verano. Obras y d\u00edas 1 de Agosto &#8212; 1...\" \/>\n<meta property=\"og:url\" content=\"https:\/\/retoelajorge.es\/index.php\/el-nuevo-umoma-abre-sus-puertas-2\/\" \/>\n<meta property=\"og:site_name\" content=\"Mis retos por la ELA\" \/>\n<meta property=\"og:image\" content=\"https:\/\/retoelajorge.es\/wp-content\/themes\/twentytwenty\/assets\/images\/2020-three-quarters-1.png\" \/>\n<meta name=\"twitter:card\" content=\"summary_large_image\" \/>\n<meta name=\"twitter:label1\" content=\"Tiempo de lectura\" \/>\n\t<meta name=\"twitter:data1\" content=\"1 minuto\" \/>\n<script type=\"application\/ld+json\" class=\"yoast-schema-graph\">{\"@context\":\"https:\/\/schema.org\",\"@graph\":[{\"@type\":\"WebPage\",\"@id\":\"https:\/\/retoelajorge.es\/index.php\/el-nuevo-umoma-abre-sus-puertas-2\/\",\"url\":\"https:\/\/retoelajorge.es\/index.php\/el-nuevo-umoma-abre-sus-puertas-2\/\",\"name\":\"El nuevo UMoMA abre sus puertas - Mis retos por la ELA\",\"isPartOf\":{\"@id\":\"https:\/\/retoelajorge.es\/#website\"},\"primaryImageOfPage\":{\"@id\":\"https:\/\/retoelajorge.es\/index.php\/el-nuevo-umoma-abre-sus-puertas-2\/#primaryimage\"},\"image\":{\"@id\":\"https:\/\/retoelajorge.es\/index.php\/el-nuevo-umoma-abre-sus-puertas-2\/#primaryimage\"},\"thumbnailUrl\":\"https:\/\/retoelajorge.es\/wp-content\/themes\/twentytwenty\/assets\/images\/2020-three-quarters-1.png\",\"datePublished\":\"2020-02-08T05:50:10+00:00\",\"breadcrumb\":{\"@id\":\"https:\/\/retoelajorge.es\/index.php\/el-nuevo-umoma-abre-sus-puertas-2\/#breadcrumb\"},\"inLanguage\":\"es\",\"potentialAction\":[{\"@type\":\"ReadAction\",\"target\":[\"https:\/\/retoelajorge.es\/index.php\/el-nuevo-umoma-abre-sus-puertas-2\/\"]}]},{\"@type\":\"ImageObject\",\"inLanguage\":\"es\",\"@id\":\"https:\/\/retoelajorge.es\/index.php\/el-nuevo-umoma-abre-sus-puertas-2\/#primaryimage\",\"url\":\"\",\"contentUrl\":\"\"},{\"@type\":\"BreadcrumbList\",\"@id\":\"https:\/\/retoelajorge.es\/index.php\/el-nuevo-umoma-abre-sus-puertas-2\/#breadcrumb\",\"itemListElement\":[{\"@type\":\"ListItem\",\"position\":1,\"name\":\"Portada\",\"item\":\"https:\/\/retoelajorge.es\/\"},{\"@type\":\"ListItem\",\"position\":2,\"name\":\"El nuevo UMoMA abre sus puertas\"}]},{\"@type\":\"WebSite\",\"@id\":\"https:\/\/retoelajorge.es\/#website\",\"url\":\"https:\/\/retoelajorge.es\/\",\"name\":\"Mis retos por la ELA\",\"description\":\"Blog de un afectado de ELA\",\"publisher\":{\"@id\":\"https:\/\/retoelajorge.es\/#organization\"},\"potentialAction\":[{\"@type\":\"SearchAction\",\"target\":{\"@type\":\"EntryPoint\",\"urlTemplate\":\"https:\/\/retoelajorge.es\/?s={search_term_string}\"},\"query-input\":{\"@type\":\"PropertyValueSpecification\",\"valueRequired\":true,\"valueName\":\"search_term_string\"}}],\"inLanguage\":\"es\"},{\"@type\":\"Organization\",\"@id\":\"https:\/\/retoelajorge.es\/#organization\",\"name\":\"Mis retos por la ELA\",\"url\":\"https:\/\/retoelajorge.es\/\",\"logo\":{\"@type\":\"ImageObject\",\"inLanguage\":\"es\",\"@id\":\"https:\/\/retoelajorge.es\/#\/schema\/logo\/image\/\",\"url\":\"https:\/\/retoelajorge.es\/wp-content\/uploads\/2020\/02\/Jorge-scaled-e1583395872979.jpg\",\"contentUrl\":\"https:\/\/retoelajorge.es\/wp-content\/uploads\/2020\/02\/Jorge-scaled-e1583395872979.jpg\",\"width\":1900,\"height\":1045,\"caption\":\"Mis retos por la ELA\"},\"image\":{\"@id\":\"https:\/\/retoelajorge.es\/#\/schema\/logo\/image\/\"}}]}<\/script>\n<!-- \/ Yoast SEO plugin. -->","yoast_head_json":{"title":"El nuevo UMoMA abre sus puertas - Mis retos por la ELA","robots":{"index":"index","follow":"follow","max-snippet":"max-snippet:-1","max-image-preview":"max-image-preview:large","max-video-preview":"max-video-preview:-1"},"canonical":"https:\/\/retoelajorge.es\/index.php\/el-nuevo-umoma-abre-sus-puertas-2\/","og_locale":"es_ES","og_type":"article","og_title":"El nuevo UMoMA abre sus puertas - Mis retos por la ELA","og_description":"El principal destino para el arte moderno en el norte de Suecia. Abierto de 10:00 a 18:00 h. todos los d\u00edas durante los meses de verano. Obras y d\u00edas 1 de Agosto &#8212; 1...","og_url":"https:\/\/retoelajorge.es\/index.php\/el-nuevo-umoma-abre-sus-puertas-2\/","og_site_name":"Mis retos por la ELA","og_image":[{"url":"https:\/\/retoelajorge.es\/wp-content\/themes\/twentytwenty\/assets\/images\/2020-three-quarters-1.png","type":"","width":"","height":""}],"twitter_card":"summary_large_image","twitter_misc":{"Tiempo de lectura":"1 minuto"},"schema":{"@context":"https:\/\/schema.org","@graph":[{"@type":"WebPage","@id":"https:\/\/retoelajorge.es\/index.php\/el-nuevo-umoma-abre-sus-puertas-2\/","url":"https:\/\/retoelajorge.es\/index.php\/el-nuevo-umoma-abre-sus-puertas-2\/","name":"El nuevo UMoMA abre sus puertas - Mis retos por la ELA","isPartOf":{"@id":"https:\/\/retoelajorge.es\/#website"},"primaryImageOfPage":{"@id":"https:\/\/retoelajorge.es\/index.php\/el-nuevo-umoma-abre-sus-puertas-2\/#primaryimage"},"image":{"@id":"https:\/\/retoelajorge.es\/index.php\/el-nuevo-umoma-abre-sus-puertas-2\/#primaryimage"},"thumbnailUrl":"https:\/\/retoelajorge.es\/wp-content\/themes\/twentytwenty\/assets\/images\/2020-three-quarters-1.png","datePublished":"2020-02-08T05:50:10+00:00","breadcrumb":{"@id":"https:\/\/retoelajorge.es\/index.php\/el-nuevo-umoma-abre-sus-puertas-2\/#breadcrumb"},"inLanguage":"es","potentialAction":[{"@type":"ReadAction","target":["https:\/\/retoelajorge.es\/index.php\/el-nuevo-umoma-abre-sus-puertas-2\/"]}]},{"@type":"ImageObject","inLanguage":"es","@id":"https:\/\/retoelajorge.es\/index.php\/el-nuevo-umoma-abre-sus-puertas-2\/#primaryimage","url":"","contentUrl":""},{"@type":"BreadcrumbList","@id":"https:\/\/retoelajorge.es\/index.php\/el-nuevo-umoma-abre-sus-puertas-2\/#breadcrumb","itemListElement":[{"@type":"ListItem","position":1,"name":"Portada","item":"https:\/\/retoelajorge.es\/"},{"@type":"ListItem","position":2,"name":"El nuevo UMoMA abre sus puertas"}]},{"@type":"WebSite","@id":"https:\/\/retoelajorge.es\/#website","url":"https:\/\/retoelajorge.es\/","name":"Mis retos por la ELA","description":"Blog de un afectado de ELA","publisher":{"@id":"https:\/\/retoelajorge.es\/#organization"},"potentialAction":[{"@type":"SearchAction","target":{"@type":"EntryPoint","urlTemplate":"https:\/\/retoelajorge.es\/?s={search_term_string}"},"query-input":{"@type":"PropertyValueSpecification","valueRequired":true,"valueName":"search_term_string"}}],"inLanguage":"es"},{"@type":"Organization","@id":"https:\/\/retoelajorge.es\/#organization","name":"Mis retos por la ELA","url":"https:\/\/retoelajorge.es\/","logo":{"@type":"ImageObject","inLanguage":"es","@id":"https:\/\/retoelajorge.es\/#\/schema\/logo\/image\/","url":"https:\/\/retoelajorge.es\/wp-content\/uploads\/2020\/02\/Jorge-scaled-e1583395872979.jpg","contentUrl":"https:\/\/retoelajorge.es\/wp-content\/uploads\/2020\/02\/Jorge-scaled-e1583395872979.jpg","width":1900,"height":1045,"caption":"Mis retos por la ELA"},"image":{"@id":"https:\/\/retoelajorge.es\/#\/schema\/logo\/image\/"}}]}},"_links":{"self":[{"href":"https:\/\/retoelajorge.es\/index.php\/wp-json\/wp\/v2\/pages\/6","targetHints":{"allow":["GET"]}}],"collection":[{"href":"https:\/\/retoelajorge.es\/index.php\/wp-json\/wp\/v2\/pages"}],"about":[{"href":"https:\/\/retoelajorge.es\/index.php\/wp-json\/wp\/v2\/types\/page"}],"author":[{"embeddable":true,"href":"https:\/\/retoelajorge.es\/index.php\/wp-json\/wp\/v2\/users\/1"}],"replies":[{"embeddable":true,"href":"https:\/\/retoelajorge.es\/index.php\/wp-json\/wp\/v2\/comments?post=6"}],"version-history":[{"count":1,"href":"https:\/\/retoelajorge.es\/index.php\/wp-json\/wp\/v2\/pages\/6\/revisions"}],"predecessor-version":[{"id":12,"href":"https:\/\/retoelajorge.es\/index.php\/wp-json\/wp\/v2\/pages\/6\/revisions\/12"}],"wp:attachment":[{"href":"https:\/\/retoelajorge.es\/index.php\/wp-json\/wp\/v2\/media?parent=6"}],"curies":[{"name":"wp","href":"https:\/\/api.w.org\/{rel}","templated":true}]}}